{"id":125,"date":"2017-04-26T11:37:50","date_gmt":"2017-04-26T09:37:50","guid":{"rendered":"http:\/\/www.cpasestaimpuis.be\/?page_id=125"},"modified":"2023-01-12T13:52:50","modified_gmt":"2023-01-12T12:52:50","slug":"cellule-energie","status":"publish","type":"page","link":"https:\/\/www.cpasestaimpuis.be\/index.php\/cellule-energie\/","title":{"rendered":"Cellule Energie"},"content":{"rendered":"<p><span style=\"text-decoration: underline;\"><strong>Energie:<\/strong><\/span><\/p>\n<p>Notre Service social peut vous aider \u00e9galement en mati\u00e8re d\u2019\u00e9nergie (gaz, eau, \u00e9lectricit\u00e9, mazout, \u2026) :<\/p>\n<ul>\n<li>Conseiller et aider pour un probl\u00e8me avec un fournisseur d\u2019\u00e9nergie, une facture trop importante \u00e0 honorer, comprendre une facture, \u2026<\/li>\n<li>Informer en mati\u00e8re de compteur \u00e0 budget<\/li>\n<li>Calculer et proposer des plans de remboursements<\/li>\n<li>V\u00e9rifier si un droit au tarif social peut \u00eatre ouvert<\/li>\n<li>Donner des conseils afin de r\u00e9aliser des \u00e9conomies d\u2019\u00e9nergie<\/li>\n<li>\u00a0Constituer un dossier M\u00e9bar<br \/>\n<a href=\"https:\/\/www.wallonie.be\/fr\/demarches\/demander-une-subvention-energie-en-tant-que-menage-revenu-modeste-prime-mebar\">https:\/\/www.wallonie.be\/fr\/demarches\/demander-une-subvention-energie-en-tant-que-menage-revenu-modeste-prime-mebar<\/a><\/li>\n<li>Traiter les demandes d\u2019allocations de chauffage<\/li>\n<\/ul>\n<p><strong><span style=\"text-decoration: underline;\">Allocations de chauffage<\/span> :<\/strong><\/p>\n<p>Une allocation de chauffage peut vous \u00eatre octroy\u00e9e si vous remplissez certaines conditions.<\/p>\n<p>En voici les principales :<\/p>\n<ul>\n<li><span style=\"text-decoration: underline;\">Type de chauffage<\/span> : Seuls le gasoil de chauffage, le p\u00e9trole lampant et le gaz de propane sont pris en compte.<\/li>\n<li><span style=\"text-decoration: underline;\">Ressources<\/span> :\u00a0Vous devez appartenir \u00e0 une des cat\u00e9gories suivantes :\n<ul>\n<li>Vous \u00eates BIM.<\/li>\n<li><b><span lang=\"FR\" xml:lang=\"FR\">L<\/span><\/b><span lang=\"FR\" xml:lang=\"FR\">e montant annuel des revenus bruts imposables du m\u00e9nage ne d\u00e9passe pas <\/span><span lang=\"FR\" xml:lang=\"FR\">22.925 \u20ac major\u00e9 de \u20ac 4.242,16 par personne \u00e0 charge (01\/01\/2023).<\/span><\/li>\n<li>Vous \u00eates en situation de surendettement.<\/li>\n<\/ul>\n<\/li>\n<li><span style=\"text-decoration: underline;\">R\u00e9sidence<\/span> : Vous devez r\u00e9sider \u00e0 l&rsquo;adresse de livraison mentionn\u00e9e sur votre facture.<\/li>\n<li><span style=\"text-decoration: underline;\">D\u00e9lai<\/span> : Vous devez introduire votre demande aupr\u00e8s de nos services dans les 60 jours \u00e0 compter de la date de votre facture (Exemple : facture du 01\/12, introduction au maximum le 29\/01).<\/li>\n<\/ul>\n<p>Si vous \u00eates dans ces conditions, cette allocation est octroy\u00e9e pour 2.000 litres au maximum par ann\u00e9e civile et par m\u00e9nage.<\/p>\n<p>Pour en b\u00e9n\u00e9ficier, nous vous invitons \u00e0 vous pr\u00e9senter \u00e0 nos <strong>permanences les lundi et jeudi de 9h \u00e0 11h30<\/strong>.<\/p>\n<p>Nous vous invitons \u00e0 vous y pr\u00e9senter muni :<\/p>\n<ul>\n<li>de votre carte d&rsquo;identit\u00e9 ;<\/li>\n<li>de votre\u00a0facture\u00a0ou des tickets de p\u00e9trole ;<\/li>\n<li>d&rsquo;une attestation du propri\u00e9taire \u00a0avec le nombre de logements concern\u00e9s par la facture (si vous habitez un immeuble \u00e0 appartements) ;<\/li>\n<li>d&rsquo;une attestation de votre m\u00e9diateur (si vous \u00eates en r\u00e8glement collectif de dettes ou en m\u00e9diation de dettes).<\/li>\n<\/ul>\n<p>Si vous souhaitez des informations compl\u00e9mentaires, nous vous invitons \u00e0 consulter le site internet du Fonds Social Chauffage <a href=\"https:\/\/www.fondschauffage.be\/\">https:\/\/www.fondschauffage.be\/<\/a><\/p>\n<p><strong><span style=\"text-decoration: underline;\">Compteurs \u00e0 budget<\/span> :<\/strong><\/p>\n<p>Pour votre information, il n&rsquo;est pas possible de recharger votre compteur \u00e0 budget au si\u00e8ge de\u00a0notre C.P.A.S.<\/p>\n<p>Nous vous invitons \u00e0 consulter le site\u00a0internet d&rsquo;<a href=\"https:\/\/www.ores.be\/particuliers-et-professionnels\/ou-recharger-votre-carte\">Ores<\/a>\u00a0afin\u00a0de\u00a0trouver les diff\u00e9rents points de rechargement situ\u00e9s pr\u00e8s d&rsquo;Estaimpuis.<\/p>\n","protected":false},"excerpt":{"rendered":"<p>Energie: Notre Service social peut vous aider \u00e9galement en mati\u00e8re d\u2019\u00e9nergie (gaz, eau, \u00e9lectricit\u00e9, mazout, \u2026) : Conseiller et aider<\/p>\n","protected":false},"author":1,"featured_media":0,"parent":0,"menu_order":0,"comment_status":"closed","ping_status":"closed","template":"","meta":{"footnotes":""},"_links":{"self":[{"href":"https:\/\/www.cpasestaimpuis.be\/index.php\/wp-json\/wp\/v2\/pages\/125"}],"collection":[{"href":"https:\/\/www.cpasestaimpuis.be\/index.php\/wp-json\/wp\/v2\/pages"}],"about":[{"href":"https:\/\/www.cpasestaimpuis.be\/index.php\/wp-json\/wp\/v2\/types\/page"}],"author":[{"embeddable":true,"href":"https:\/\/www.cpasestaimpuis.be\/index.php\/wp-json\/wp\/v2\/users\/1"}],"replies":[{"embeddable":true,"href":"https:\/\/www.cpasestaimpuis.be\/index.php\/wp-json\/wp\/v2\/comments?post=125"}],"version-history":[{"count":6,"href":"https:\/\/www.cpasestaimpuis.be\/index.php\/wp-json\/wp\/v2\/pages\/125\/revisions"}],"predecessor-version":[{"id":1844,"href":"https:\/\/www.cpasestaimpuis.be\/index.php\/wp-json\/wp\/v2\/pages\/125\/revisions\/1844"}],"wp:attachment":[{"href":"https:\/\/www.cpasestaimpuis.be\/index.php\/wp-json\/wp\/v2\/media?parent=125"}],"curies":[{"name":"wp","href":"https:\/\/api.w.org\/{rel}","templated":true}]}}